{"id":282,"date":"2019-03-16T17:52:11","date_gmt":"2019-03-16T16:52:11","guid":{"rendered":"https:\/\/handicapdefi.fr\/?page_id=282"},"modified":"2022-06-29T19:26:47","modified_gmt":"2022-06-29T17:26:47","slug":"diagnostic-en-accessibilite","status":"publish","type":"page","link":"https:\/\/handicapdefi.fr\/index.php\/diagnostic-en-accessibilite\/","title":{"rendered":"Diagnostic en accessibilit\u00e9"},"content":{"rendered":"<p>[et_pb_section fb_built=\u00a0\u00bb1&Prime; admin_label=\u00a0\u00bbHero section\u00a0\u00bb _builder_version=\u00a0\u00bb3.22.6&Prime; use_background_color_gradient=\u00a0\u00bbon\u00a0\u00bb background_color_gradient_start=\u00a0\u00bbrgba(150,105,97,0.67)\u00a0\u00bb background_color_gradient_end=\u00a0\u00bbrgba(2,0,76,0.84)\u00a0\u00bb background_color_gradient_overlays_image=\u00a0\u00bbon\u00a0\u00bb background_image=\u00a0\u00bbhttps:\/\/handicapdefi.fr\/wp-content\/uploads\/2019\/03\/header-7.png\u00a0\u00bb background_size=\u00a0\u00bbcontain\u00a0\u00bb min_height=\u00a0\u00bb345px\u00a0\u00bb min_height_phone=\u00a0\u00bb180px\u00a0\u00bb min_height_last_edited=\u00a0\u00bbon|phone\u00a0\u00bb height_phone=\u00a0\u00bb100px\u00a0\u00bb height_last_edited=\u00a0\u00bbon|desktop\u00a0\u00bb custom_margin=\u00a0\u00bb||1px|||\u00a0\u00bb custom_padding=\u00a0\u00bb0||0%||false|false\u00a0\u00bb fb_built=\u00a0\u00bb1&Prime; _i=\u00a0\u00bb0&Prime; _address=\u00a0\u00bb0&Prime;][et_pb_row disabled_on=\u00a0\u00bboff|off|off\u00a0\u00bb _builder_version=\u00a0\u00bb3.25&Prime; custom_padding=\u00a0\u00bb||0px|||\u00a0\u00bb _i=\u00a0\u00bb0&Prime; _address=\u00a0\u00bb0.0&Prime;][et_pb_column type=\u00a0\u00bb4_4&Prime; _builder_version=\u00a0\u00bb3.25&Prime; custom_padding=\u00a0\u00bb|||\u00a0\u00bb _i=\u00a0\u00bb0&Prime; _address=\u00a0\u00bb0.0.0&Prime; custom_padding__hover=\u00a0\u00bb|||\u00a0\u00bb][et_pb_image src=\u00a0\u00bbhttps:\/\/handicapdefi.fr\/wp-content\/uploads\/2019\/05\/banni\u00e8re_Accessibilitexcf.png\u00a0\u00bb align=\u00a0\u00bbcenter\u00a0\u00bb align_tablet=\u00a0\u00bbcenter\u00a0\u00bb align_last_edited=\u00a0\u00bbon|desktop\u00a0\u00bb _builder_version=\u00a0\u00bb3.23.3&Prime; width=\u00a0\u00bb100%\u00a0\u00bb custom_margin=\u00a0\u00bb-30px||\u00a0\u00bb custom_padding=\u00a0\u00bb0px|||||\u00a0\u00bb custom_padding_phone=\u00a0\u00bb6px||6px||false\u00a0\u00bb custom_padding_last_edited=\u00a0\u00bbon|phone\u00a0\u00bb animation_style=\u00a0\u00bbflip\u00a0\u00bb border_radii=\u00a0\u00bbon|50px|50px|50px|50px\u00a0\u00bb box_shadow_style=\u00a0\u00bbpreset1&Prime; _i=\u00a0\u00bb0&Prime; _address=\u00a0\u00bb0.0.0.0&Prime;][\/et_pb_image][\/et_pb_column][\/et_pb_row][\/et_pb_section][et_pb_section fb_built=\u00a0\u00bb1&Prime; fullwidth=\u00a0\u00bbon\u00a0\u00bb module_id=\u00a0\u00bbsticky\u00a0\u00bb _builder_version=\u00a0\u00bb3.22.4&Prime; custom_margin=\u00a0\u00bb-2px|||||\u00a0\u00bb fb_built=\u00a0\u00bb1&Prime; _i=\u00a0\u00bb1&Prime; _address=\u00a0\u00bb1&Prime;][et_pb_fullwidth_menu menu_id=\u00a0\u00bb7&Prime; fullwidth_menu=\u00a0\u00bboff\u00a0\u00bb module_id=\u00a0\u00bbbarrediag\u00a0\u00bb _builder_version=\u00a0\u00bb3.22.4&Prime; menu_font=\u00a0\u00bbOpen Sans|700||on|||||\u00a0\u00bb menu_text_color=\u00a0\u00bb#ffffff\u00a0\u00bb background_color=\u00a0\u00bb#6096c1&Prime; background_image=\u00a0\u00bbhttps:\/\/handicapdefi.fr\/wp-content\/uploads\/2019\/03\/header-7.png\u00a0\u00bb _i=\u00a0\u00bb0&Prime; _address=\u00a0\u00bb1.0&Prime;][\/et_pb_fullwidth_menu][\/et_pb_section][et_pb_section fb_built=\u00a0\u00bb1&Prime; _builder_version=\u00a0\u00bb3.23.3&Prime; custom_padding=\u00a0\u00bb0px||0px|||\u00a0\u00bb fb_built=\u00a0\u00bb1&Prime; _i=\u00a0\u00bb2&Prime; _address=\u00a0\u00bb2&Prime;][et_pb_row column_structure=\u00a0\u00bb1_6,1_6,1_6,1_6,1_6,1_6&Prime; _builder_version=\u00a0\u00bb3.25&Prime; custom_margin=\u00a0\u00bb0px|1px||\u00a0\u00bb custom_padding=\u00a0\u00bb0px||\u00a0\u00bb _i=\u00a0\u00bb0&Prime; _address=\u00a0\u00bb2.0&Prime;][et_pb_column type=\u00a0\u00bb1_6&Prime; _builder_version=\u00a0\u00bb3.25&Prime; custom_padding=\u00a0\u00bb|||\u00a0\u00bb _i=\u00a0\u00bb0&Prime; _address=\u00a0\u00bb2.0.0&Prime; custom_padding__hover=\u00a0\u00bb|||\u00a0\u00bb][\/et_pb_column][et_pb_column type=\u00a0\u00bb1_6&Prime; _builder_version=\u00a0\u00bb3.25&Prime; custom_padding=\u00a0\u00bb|||\u00a0\u00bb _i=\u00a0\u00bb1&Prime; _address=\u00a0\u00bb2.0.1&Prime; custom_padding__hover=\u00a0\u00bb|||\u00a0\u00bb][\/et_pb_column][et_pb_column type=\u00a0\u00bb1_6&Prime; _builder_version=\u00a0\u00bb3.25&Prime; custom_padding=\u00a0\u00bb|||\u00a0\u00bb _i=\u00a0\u00bb2&Prime; _address=\u00a0\u00bb2.0.2&Prime; custom_padding__hover=\u00a0\u00bb|||\u00a0\u00bb][\/et_pb_column][et_pb_column type=\u00a0\u00bb1_6&Prime; _builder_version=\u00a0\u00bb3.25&Prime; custom_padding=\u00a0\u00bb|||\u00a0\u00bb _i=\u00a0\u00bb3&Prime; _address=\u00a0\u00bb2.0.3&Prime; custom_padding__hover=\u00a0\u00bb|||\u00a0\u00bb][\/et_pb_column][et_pb_column type=\u00a0\u00bb1_6&Prime; _builder_version=\u00a0\u00bb3.25&Prime; custom_padding=\u00a0\u00bb|||\u00a0\u00bb _i=\u00a0\u00bb4&Prime; _address=\u00a0\u00bb2.0.4&Prime; custom_padding__hover=\u00a0\u00bb|||\u00a0\u00bb][\/et_pb_column][et_pb_column type=\u00a0\u00bb1_6&Prime; _builder_version=\u00a0\u00bb3.25&Prime; custom_padding=\u00a0\u00bb|||\u00a0\u00bb _i=\u00a0\u00bb5&Prime; _address=\u00a0\u00bb2.0.5&Prime; custom_padding__hover=\u00a0\u00bb|||\u00a0\u00bb][et_pb_image src=\u00a0\u00bbhttps:\/\/handicapdefi.fr\/wp-content\/uploads\/2019\/05\/FB-Blanc-fond-bleu-e1559229906296.png\u00a0\u00bb url=\u00a0\u00bbhttps:\/\/www.facebook.com\/asmth.handicapdefi\u00a0\u00bb url_new_window=\u00a0\u00bbon\u00a0\u00bb align=\u00a0\u00bbright\u00a0\u00bb _builder_version=\u00a0\u00bb3.29&Prime; width=\u00a0\u00bb100px\u00a0\u00bb _i=\u00a0\u00bb0&Prime; _address=\u00a0\u00bb2.0.5.0&Prime;][\/et_pb_image][\/et_pb_column][\/et_pb_row][\/et_pb_section][et_pb_section fb_built=\u00a0\u00bb1&Prime; _builder_version=\u00a0\u00bb3.22.6&Prime; custom_margin=\u00a0\u00bb-3px|||||\u00a0\u00bb custom_padding=\u00a0\u00bb60px|0px|0|0px|false|false\u00a0\u00bb fb_built=\u00a0\u00bb1&Prime; _i=\u00a0\u00bb3&Prime; _address=\u00a0\u00bb3&Prime;][et_pb_row column_structure=\u00a0\u00bb1_3,1_3,1_3&Prime; disabled_on=\u00a0\u00bbon|on|off\u00a0\u00bb _builder_version=\u00a0\u00bb3.25&Prime; custom_margin=\u00a0\u00bb-59px|auto||auto||\u00a0\u00bb animation_style=\u00a0\u00bbslide\u00a0\u00bb animation_direction=\u00a0\u00bbbottom\u00a0\u00bb animation_intensity_slide=\u00a0\u00bb5%\u00a0\u00bb use_custom_width=\u00a0\u00bbon\u00a0\u00bb custom_width_px=\u00a0\u00bb1440px\u00a0\u00bb _i=\u00a0\u00bb0&Prime; _address=\u00a0\u00bb3.0&Prime;][et_pb_column type=\u00a0\u00bb1_3&Prime; _builder_version=\u00a0\u00bb3.25&Prime; custom_padding=\u00a0\u00bb|||\u00a0\u00bb _i=\u00a0\u00bb0&Prime; _address=\u00a0\u00bb3.0.0&Prime; custom_padding__hover=\u00a0\u00bb|||\u00a0\u00bb][et_pb_blurb url=\u00a0\u00bb\/index.php\/diagnostic-en-accessibilite\/\u00a0\u00bb image=\u00a0\u00bbhttps:\/\/handicapdefi.fr\/wp-content\/uploads\/2019\/03\/Accessibilit\u00e9.png\u00a0\u00bb image_max_width=\u00a0\u00bb35%\u00a0\u00bb disabled_on=\u00a0\u00bbon|on|off\u00a0\u00bb _builder_version=\u00a0\u00bb3.21&Prime; header_font=\u00a0\u00bbLato|900||on|||||\u00a0\u00bb header_font_size=\u00a0\u00bb15px\u00a0\u00bb header_letter_spacing=\u00a0\u00bb1px\u00a0\u00bb header_line_height=\u00a0\u00bb1.4em\u00a0\u00bb body_font=\u00a0\u00bbLato||||||||\u00a0\u00bb body_text_color=\u00a0\u00bb#898f99&Prime; body_font_size=\u00a0\u00bb16px\u00a0\u00bb body_line_height=\u00a0\u00bb1.6em\u00a0\u00bb text_orientation=\u00a0\u00bbcenter\u00a0\u00bb custom_margin=\u00a0\u00bb|||\u00a0\u00bb custom_padding=\u00a0\u00bb|||\u00a0\u00bb animation=\u00a0\u00bboff\u00a0\u00bb _i=\u00a0\u00bb0&Prime; _address=\u00a0\u00bb3.0.0.0&Prime;][\/et_pb_blurb][\/et_pb_column][et_pb_column type=\u00a0\u00bb1_3&Prime; _builder_version=\u00a0\u00bb3.25&Prime; custom_padding=\u00a0\u00bb|||\u00a0\u00bb _i=\u00a0\u00bb1&Prime; _address=\u00a0\u00bb3.0.1&Prime; custom_padding__hover=\u00a0\u00bb|||\u00a0\u00bb][et_pb_blurb url=\u00a0\u00bb\/index.php\/prevention-3\/\u00a0\u00bb image=\u00a0\u00bbhttps:\/\/handicapdefi.fr\/wp-content\/uploads\/2019\/03\/Pr\u00e9vention.png\u00a0\u00bb image_max_width=\u00a0\u00bb35%\u00a0\u00bb disabled_on=\u00a0\u00bbon|on|off\u00a0\u00bb _builder_version=\u00a0\u00bb3.29&Prime; header_font=\u00a0\u00bbLato|900||on|||||\u00a0\u00bb header_font_size=\u00a0\u00bb15px\u00a0\u00bb header_letter_spacing=\u00a0\u00bb1px\u00a0\u00bb header_line_height=\u00a0\u00bb1.4em\u00a0\u00bb body_font=\u00a0\u00bbLato||||||||\u00a0\u00bb body_text_color=\u00a0\u00bb#898f99&Prime; body_font_size=\u00a0\u00bb16px\u00a0\u00bb body_line_height=\u00a0\u00bb1.6em\u00a0\u00bb text_orientation=\u00a0\u00bbcenter\u00a0\u00bb custom_margin=\u00a0\u00bb|||\u00a0\u00bb custom_padding=\u00a0\u00bb|||\u00a0\u00bb animation=\u00a0\u00bboff\u00a0\u00bb hover_enabled=\u00a0\u00bb0&Prime; _i=\u00a0\u00bb0&Prime; _address=\u00a0\u00bb3.0.1.0&Prime;][\/et_pb_blurb][et_pb_blurb url=\u00a0\u00bb\/index.php\/prevention-3\/\u00a0\u00bb image_max_width=\u00a0\u00bb35%\u00a0\u00bb _builder_version=\u00a0\u00bb3.21&Prime; header_font=\u00a0\u00bbLato|900||on|||||\u00a0\u00bb header_font_size=\u00a0\u00bb15px\u00a0\u00bb header_letter_spacing=\u00a0\u00bb1px\u00a0\u00bb header_line_height=\u00a0\u00bb1.4em\u00a0\u00bb body_font=\u00a0\u00bbLato||||||||\u00a0\u00bb body_text_color=\u00a0\u00bb#898f99&Prime; body_font_size=\u00a0\u00bb16px\u00a0\u00bb body_line_height=\u00a0\u00bb1.6em\u00a0\u00bb text_orientation=\u00a0\u00bbcenter\u00a0\u00bb custom_margin=\u00a0\u00bb|||\u00a0\u00bb custom_padding=\u00a0\u00bb|||\u00a0\u00bb animation=\u00a0\u00bboff\u00a0\u00bb _i=\u00a0\u00bb1&Prime; _address=\u00a0\u00bb3.0.1.1&Prime;][\/et_pb_blurb][\/et_pb_column][et_pb_column type=\u00a0\u00bb1_3&Prime; _builder_version=\u00a0\u00bb3.25&Prime; custom_padding=\u00a0\u00bb|||\u00a0\u00bb _i=\u00a0\u00bb2&Prime; _address=\u00a0\u00bb3.0.2&Prime; custom_padding__hover=\u00a0\u00bb|||\u00a0\u00bb][et_pb_blurb url=\u00a0\u00bb\/index.php\/handisport\/\u00a0\u00bb image=\u00a0\u00bbhttps:\/\/handicapdefi.fr\/wp-content\/uploads\/2019\/03\/Sport-3.png\u00a0\u00bb image_max_width=\u00a0\u00bb35%\u00a0\u00bb disabled_on=\u00a0\u00bbon|on|off\u00a0\u00bb _builder_version=\u00a0\u00bb3.21&Prime; header_font=\u00a0\u00bbLato|900||on|||||\u00a0\u00bb header_font_size=\u00a0\u00bb15px\u00a0\u00bb header_letter_spacing=\u00a0\u00bb1px\u00a0\u00bb header_line_height=\u00a0\u00bb1.4em\u00a0\u00bb body_font=\u00a0\u00bbLato||||||||\u00a0\u00bb body_text_color=\u00a0\u00bb#898f99&Prime; body_font_size=\u00a0\u00bb16px\u00a0\u00bb body_line_height=\u00a0\u00bb1.6em\u00a0\u00bb text_orientation=\u00a0\u00bbcenter\u00a0\u00bb custom_margin=\u00a0\u00bb|||\u00a0\u00bb custom_padding=\u00a0\u00bb|||\u00a0\u00bb animation=\u00a0\u00bboff\u00a0\u00bb _i=\u00a0\u00bb0&Prime; _address=\u00a0\u00bb3.0.2.0&Prime;][\/et_pb_blurb][et_pb_blurb url=\u00a0\u00bb\/index.php\/handisport\/\u00a0\u00bb image_max_width=\u00a0\u00bb35%\u00a0\u00bb _builder_version=\u00a0\u00bb3.21&Prime; header_font=\u00a0\u00bbLato|900||on|||||\u00a0\u00bb header_font_size=\u00a0\u00bb15px\u00a0\u00bb header_letter_spacing=\u00a0\u00bb1px\u00a0\u00bb header_line_height=\u00a0\u00bb1.4em\u00a0\u00bb body_font=\u00a0\u00bbLato||||||||\u00a0\u00bb body_text_color=\u00a0\u00bb#898f99&Prime; body_font_size=\u00a0\u00bb16px\u00a0\u00bb body_line_height=\u00a0\u00bb1.6em\u00a0\u00bb text_orientation=\u00a0\u00bbcenter\u00a0\u00bb custom_margin=\u00a0\u00bb|||\u00a0\u00bb custom_padding=\u00a0\u00bb|||\u00a0\u00bb animation=\u00a0\u00bboff\u00a0\u00bb _i=\u00a0\u00bb1&Prime; _address=\u00a0\u00bb3.0.2.1&Prime;][\/et_pb_blurb][\/et_pb_column][\/et_pb_row][et_pb_row disabled_on=\u00a0\u00bboff|off|on\u00a0\u00bb _builder_version=\u00a0\u00bb3.25&Prime; width=\u00a0\u00bb51%\u00a0\u00bb max_width_last_edited=\u00a0\u00bbon|phone\u00a0\u00bb height_phone=\u00a0\u00bbauto\u00a0\u00bb height_last_edited=\u00a0\u00bbon|phone\u00a0\u00bb max_height_phone=\u00a0\u00bbnone\u00a0\u00bb max_height_last_edited=\u00a0\u00bbon|desktop\u00a0\u00bb custom_padding=\u00a0\u00bb4px|||||\u00a0\u00bb animation_style=\u00a0\u00bbslide\u00a0\u00bb _i=\u00a0\u00bb1&Prime; _address=\u00a0\u00bb3.1&Prime;][et_pb_column type=\u00a0\u00bb4_4&Prime; _builder_version=\u00a0\u00bb3.25&Prime; custom_padding=\u00a0\u00bb|||\u00a0\u00bb _i=\u00a0\u00bb0&Prime; _address=\u00a0\u00bb3.1.0&Prime; custom_padding__hover=\u00a0\u00bb|||\u00a0\u00bb][et_pb_blurb url=\u00a0\u00bb\/index.php\/diagnostic-en-accessibilite\/\u00a0\u00bb image_max_width=\u00a0\u00bb35%\u00a0\u00bb disabled_on=\u00a0\u00bboff|off|on\u00a0\u00bb _builder_version=\u00a0\u00bb3.22.6&Prime; header_font=\u00a0\u00bbLato|900||on|||||\u00a0\u00bb header_font_size=\u00a0\u00bb15px\u00a0\u00bb header_letter_spacing=\u00a0\u00bb1px\u00a0\u00bb header_line_height=\u00a0\u00bb1.4em\u00a0\u00bb body_font=\u00a0\u00bbLato||||||||\u00a0\u00bb body_text_color=\u00a0\u00bb#898f99&Prime; body_font_size=\u00a0\u00bb16px\u00a0\u00bb body_line_height=\u00a0\u00bb1.6em\u00a0\u00bb text_orientation=\u00a0\u00bbcenter\u00a0\u00bb custom_margin=\u00a0\u00bb|||\u00a0\u00bb custom_padding=\u00a0\u00bb|||\u00a0\u00bb animation=\u00a0\u00bboff\u00a0\u00bb _i=\u00a0\u00bb0&Prime; _address=\u00a0\u00bb3.1.0.0&Prime;]<\/p>\n<p><a href=\"\/index.php\/diagnostic-en-accessibilite\/\" title=\"Diagnostic\"><img loading=\"lazy\" src=\"https:\/\/handicapdefi.fr\/wp-content\/uploads\/2019\/03\/Accessibilit\u00e9-269x300.png\" alt=\"Diagnostic et Accessibilit\u00e9\" class=\"wp-image-223 size-medium\" height=\"116\" width=\"104\" srcset=\"https:\/\/handicapdefi.fr\/wp-content\/uploads\/2019\/03\/Accessibilit\u00e9-269x300.png 269w, https:\/\/handicapdefi.fr\/wp-content\/uploads\/2019\/03\/Accessibilit\u00e9.png 474w\" sizes=\"(max-width: 104px) 100vw, 104px\" \/><\/a>\u00a0 <a href=\"\/index.php\/prevention-3\/\" title=\"Pr\u00e9vention\"><img loading=\"lazy\" src=\"https:\/\/handicapdefi.fr\/wp-content\/uploads\/2019\/03\/Pr\u00e9vention-269x300.png\" alt=\"Pr\u00e9vention\" class=\"wp-image-224 size-medium\" height=\"72\" width=\"65\" srcset=\"https:\/\/handicapdefi.fr\/wp-content\/uploads\/2019\/03\/Pr\u00e9vention-269x300.png 269w, https:\/\/handicapdefi.fr\/wp-content\/uploads\/2019\/03\/Pr\u00e9vention.png 474w\" sizes=\"(max-width: 65px) 100vw, 65px\" \/><\/a>\u00a0 <a href=\"\/index.php\/handisport\/\" title=\"Handisport\"><img loading=\"lazy\" src=\"https:\/\/handicapdefi.fr\/wp-content\/uploads\/2019\/03\/Sport-3-273x300.png\" alt=\"\" class=\"wp-image-274 alignnone size-medium\" height=\"72\" width=\"65\" srcset=\"https:\/\/handicapdefi.fr\/wp-content\/uploads\/2019\/03\/Sport-3-273x300.png 273w, https:\/\/handicapdefi.fr\/wp-content\/uploads\/2019\/03\/Sport-3.png 482w\" sizes=\"(max-width: 65px) 100vw, 65px\" \/><\/a><\/p>\n<p>[\/et_pb_blurb][\/et_pb_column][\/et_pb_row][et_pb_row disabled_on=\u00a0\u00bbon|on|off\u00a0\u00bb module_id=\u00a0\u00bbfloat\u00a0\u00bb _builder_version=\u00a0\u00bb3.25&Prime; _i=\u00a0\u00bb2&Prime; _address=\u00a0\u00bb3.2&Prime;][et_pb_column type=\u00a0\u00bb4_4&Prime; _builder_version=\u00a0\u00bb3.25&Prime; custom_padding=\u00a0\u00bb|||\u00a0\u00bb _i=\u00a0\u00bb0&Prime; _address=\u00a0\u00bb3.2.0&Prime; custom_padding__hover=\u00a0\u00bb|||\u00a0\u00bb][et_pb_text _builder_version=\u00a0\u00bb3.27.4&Prime; width=\u00a0\u00bb4%\u00a0\u00bb module_alignment=\u00a0\u00bbleft\u00a0\u00bb _i=\u00a0\u00bb0&Prime; _address=\u00a0\u00bb3.2.0.0&Prime;]<\/p>\n<p><a href=\"https:\/\/handicapdefi.fr\/index.php\/diagnostic-en-accessibilite\/\"><img loading=\"lazy\" src=\"https:\/\/handicapdefi.fr\/wp-content\/uploads\/2019\/05\/Accessibilite_petit.png\" alt=\"Bouton diagnostic\" class=\"wp-image-1221 size-full\" height=\"60\" width=\"59\" \/><\/a><\/p>\n<p><a href=\"https:\/\/handicapdefi.fr\/index.php\/prevention-3\/\"><img loading=\"lazy\" src=\"https:\/\/handicapdefi.fr\/wp-content\/uploads\/2019\/05\/Prevention_petit.png\" alt=\"Bouton rubrique pr\u00e9vention\" class=\"wp-image-1223 size-full\" height=\"60\" width=\"59\" \/><\/a><\/p>\n<p><a href=\"https:\/\/handicapdefi.fr\/index.php\/handisport\/\"><img loading=\"lazy\" src=\"https:\/\/handicapdefi.fr\/wp-content\/uploads\/2019\/05\/HandiSport_petit.png\" alt=\"Bouton vers Handisport\" class=\"wp-image-1222 size-full\" height=\"59\" width=\"59\" \/><\/a><\/p>\n<p>[\/et_pb_text][\/et_pb_column][\/et_pb_row][\/et_pb_section][et_pb_section fb_built=\u00a0\u00bb1&Prime; admin_label=\u00a0\u00bbAbout Section\u00a0\u00bb _builder_version=\u00a0\u00bb3.22.3&Prime; custom_padding=\u00a0\u00bb10px|0px|0|0px|false|false\u00a0\u00bb fb_built=\u00a0\u00bb1&Prime; _i=\u00a0\u00bb4&Prime; _address=\u00a0\u00bb4&Prime;][et_pb_row _builder_version=\u00a0\u00bb3.25&Prime; custom_margin=\u00a0\u00bb|auto|-2px|auto||\u00a0\u00bb custom_padding=\u00a0\u00bb30px||0px|||\u00a0\u00bb _i=\u00a0\u00bb0&Prime; _address=\u00a0\u00bb4.0&Prime;][et_pb_column type=\u00a0\u00bb4_4&Prime; _builder_version=\u00a0\u00bb3.25&Prime; custom_padding=\u00a0\u00bb|||\u00a0\u00bb _i=\u00a0\u00bb0&Prime; _address=\u00a0\u00bb4.0.0&Prime; custom_padding__hover=\u00a0\u00bb|||\u00a0\u00bb][et_pb_text _builder_version=\u00a0\u00bb3.29&Prime; text_font=\u00a0\u00bbOpen Sans||||||||\u00a0\u00bb text_line_height=\u00a0\u00bb1.5em\u00a0\u00bb custom_margin=\u00a0\u00bb||-1px|||\u00a0\u00bb custom_padding=\u00a0\u00bb||8px|||\u00a0\u00bb text_letter_spacing_last_edited=\u00a0\u00bbon|desktop\u00a0\u00bb text_line_height_phone=\u00a0\u00bb1.5em\u00a0\u00bb text_line_height_last_edited=\u00a0\u00bbon|desktop\u00a0\u00bb inline_fonts=\u00a0\u00bbNews Cycle,Felipa\u00a0\u00bb _i=\u00a0\u00bb0&Prime; _address=\u00a0\u00bb4.0.0.0&Prime;]<span style=\"font-weight: normal; font-family: News Cycle; font-size: xx-large; color: #3366ff;\">Services aux entreprises, aux collectivit\u00e9s et aux <\/span><br \/>\n<span style=\"font-weight: normal; font-family: News Cycle; font-size: xx-large; color: #3366ff;\"> particuliers<\/span><\/p>\n<p><span style=\"font-weight: normal; font-family: News Cycle;\"><\/span><\/p>\n<p><span style=\"color: #3366ff; font-family: News Cycle; font-weight: normal; font-size: x-large;\">Accessibilit\u00e9, S\u00e9curit\u00e9, Signal\u00e9tique<\/span><\/p>\n<p><span style=\"color: #3366ff; font-family: News Cycle; font-weight: normal; font-size: x-large;\"> Notre expertise :<\/span><\/p>\n<ul>\n<li style=\"padding-left: 30px;\"><strong>Vous aider \u00e0 trouver des solutions optimales, innovantes, personnalis\u00e9es pour votre b\u00e2ti.<\/strong><\/li>\n<li style=\"padding-left: 30px;\">Conseil pour une meilleure accessibilit\u00e9 des lieux dans le cadre du \u00ab\u00a0concept universel\u00a0\u00bb.<\/li>\n<li style=\"padding-left: 30px;\">Conseil pour tout achat de mat\u00e9riel et autres entrant dans le concept de l&rsquo;acc\u00e8s pour tous et \u00e0 tout type de handicap.<\/li>\n<\/ul>\n<p><span style=\"color: #3366ff; font-family: News Cycle; font-weight: normal; font-size: x-large;\">Ce qui est bien pour nous est mieux pour vous<\/span><\/p>\n<p><em><\/em><\/p>\n<p><em><\/em><\/p>\n<ul>\n<li style=\"padding-left: 30px;\">Diagnostic : ERP\/IOP et autres : Consultez-nous.<\/li>\n<li style=\"padding-left: 30px;\">R\u00e9aliser le diagnostic global d&rsquo;un site, qui prend en compte tous les types de handicap comme le stipule la loi du 11\/02\/2005, c&rsquo;est notre d\u00e9fi, notre engagement, votre responsabilit\u00e9, c&rsquo;est une mobilisation transversale \u00a0\u00bb \u00ab\u00a0l&rsquo;accessibilit\u00e9 est un enjeu soci\u00e9tal\u00a0\u00bb.<\/li>\n<li style=\"padding-left: 30px;\">Rendre accessible, construire accessible, b\u00e2tir pour un confort d&rsquo;usage voir haute qualit\u00e9 d&rsquo;usage devrait \u00eatre un d\u00e9fi et une fiert\u00e9 pour tous, concepteurs, entrepreneurs et propri\u00e9taires de baux.<\/li>\n<li style=\"padding-left: 30px;\">L&rsquo; accessibilit\u00e9 n&rsquo;est pas uniquement associ\u00e9e qu&rsquo;\u00e0 la d\u00e9ambulation d&rsquo;une personne en fauteuil roulant, la largeur de la porte, un plan inclin\u00e9 etc, ce n&rsquo;est pas seulement une r\u00e9ponse binaire conforme\/non-conforme, c&rsquo;est de r\u00e9pondre aux exigences de tous les types de handicap sans discrimination. \u00ab\u00a0Moteur, visuel, auditif, psychique, petite taille etc\u00a0\u00bb.<\/li>\n<li style=\"padding-left: 30px;\">L&rsquo;objectif de cette loi : est \u00a0\u00bb D\u00e9placement et Usage \u00a0\u00bb comment aller d&rsquo;un point \u00e0 un autre seul ?, (est que toute personne en situation de handicap puisse acc\u00e9der aux b\u00e2timents publics et communaux, y circuler, se rep\u00e9rer, communiquer et recevoir les informations qui y sont diffus\u00e9es sans aucun probl\u00e8me de circulation ou acc\u00e8s et cela en toute autonomie).<\/li>\n<li style=\"padding-left: 30px;\">Le crit\u00e8re d\u00e9terminant de cette accessibilit\u00e9 est celui d&rsquo;une qualit\u00e9 d&rsquo;usage au moins \u00e9quivalente si ce n&rsquo;est identique entre les personnes valides et les personnes en situation de handicap.<\/li>\n<\/ul>\n<p>[\/et_pb_text][\/et_pb_column][\/et_pb_row][et_pb_row column_structure=\u00a0\u00bb1_2,1_2&Prime; _builder_version=\u00a0\u00bb3.25&Prime; custom_padding=\u00a0\u00bb3px||15px|||\u00a0\u00bb _i=\u00a0\u00bb1&Prime; _address=\u00a0\u00bb4.1&Prime;][et_pb_column type=\u00a0\u00bb1_2&Prime; _builder_version=\u00a0\u00bb3.25&Prime; custom_padding=\u00a0\u00bb|||\u00a0\u00bb _i=\u00a0\u00bb0&Prime; _address=\u00a0\u00bb4.1.0&Prime; custom_padding__hover=\u00a0\u00bb|||\u00a0\u00bb][et_pb_text _builder_version=\u00a0\u00bb3.27.4&Prime; text_font=\u00a0\u00bbOpen Sans||||||||\u00a0\u00bb text_line_height=\u00a0\u00bb1.5em\u00a0\u00bb custom_margin=\u00a0\u00bb||-1px|||\u00a0\u00bb custom_padding=\u00a0\u00bb||4px|||\u00a0\u00bb text_letter_spacing_last_edited=\u00a0\u00bbon|desktop\u00a0\u00bb text_line_height_phone=\u00a0\u00bb1.5em\u00a0\u00bb text_line_height_last_edited=\u00a0\u00bbon|desktop\u00a0\u00bb _i=\u00a0\u00bb0&Prime; _address=\u00a0\u00bb4.1.0.0&Prime;]<\/p>\n<p style=\"text-align: left;\">Vous exploitez un \u00e9tablissement, un b\u00e2timent ou un site ouvert au public :<\/p>\n<p style=\"text-align: left;\">Depuis le 1\u00b0janvier 2015 ce patrimoine devrait \u00eatre accessible \u00e0 toutes personnes quelque soit son handicap.<\/p>\n<p>Nous avons les comp\u00e9tences et l&rsquo;exp\u00e9rience pour vous aider \u00e0 pr\u00e9parer cette \u00e9ch\u00e9ance en r\u00e9alisant le diagnostic de vos b\u00e2timents, \u00a0locaux et autres.<\/p>\n<p>Notre force, c&rsquo;est de mettre en relation les mouvements et la circulation (cha\u00eene de d\u00e9placement sans rupture) des personnes en situation de handicaps et les configurations des locaux, des b\u00e2timents, des espaces ( ex : entreprises, mus\u00e9es, commerces, parcs et jardins publics).<\/p>\n<p><strong><span style=\"text-decoration: underline;\">Nous vous garantissons :<\/span><\/strong><\/p>\n<ul>\n<li>Une analyse pertinente de l&rsquo;existant et m\u00eame de projet en cours.<\/li>\n<li>La mise en \u00e9vidence des \u00e9carts et des obstacles au regard de l&rsquo;usage des lieux.<\/li>\n<li>L&rsquo;orientation vers les options possibles, nous\u00a0vous proposons des solutions et hi\u00e9rarchisons les priorit\u00e9s de mise en \u0153uvre en accessibilit\u00e9.<\/li>\n<li>Un rapport d&rsquo;audit pr\u00e9sent\u00e9, chiffr\u00e9\u00a0et comment\u00e9.<\/li>\n<\/ul>\n<p>De plus, notre \u00e9quipe associative emploie et travaille en partie avec des personnes en situation de handicap. C&rsquo;est un atout certain quant \u00e0 la connaissance fine des probl\u00e8mes, des solutions et des\u00a0pr\u00e9conisations.<\/p>\n<p>[\/et_pb_text][\/et_pb_column][et_pb_column type=\u00a0\u00bb1_2&Prime; _builder_version=\u00a0\u00bb3.25&Prime; custom_padding=\u00a0\u00bb|||\u00a0\u00bb _i=\u00a0\u00bb1&Prime; _address=\u00a0\u00bb4.1.1&Prime; custom_padding__hover=\u00a0\u00bb|||\u00a0\u00bb][et_pb_image src=\u00a0\u00bbhttps:\/\/handicapdefi.fr\/wp-content\/uploads\/2019\/03\/diagnostic_accessibilite-1.jpg\u00a0\u00bb align_tablet=\u00a0\u00bbcenter\u00a0\u00bb align_last_edited=\u00a0\u00bbon|desktop\u00a0\u00bb _builder_version=\u00a0\u00bb3.23&Prime; _i=\u00a0\u00bb0&Prime; _address=\u00a0\u00bb4.1.1.0&Prime;][\/et_pb_image][\/et_pb_column][\/et_pb_row][et_pb_row _builder_version=\u00a0\u00bb3.25&Prime; custom_padding=\u00a0\u00bb4px||0px|||\u00a0\u00bb _i=\u00a0\u00bb2&Prime; _address=\u00a0\u00bb4.2&Prime;][et_pb_column type=\u00a0\u00bb4_4&Prime; _builder_version=\u00a0\u00bb3.25&Prime; custom_padding=\u00a0\u00bb|||\u00a0\u00bb _i=\u00a0\u00bb0&Prime; _address=\u00a0\u00bb4.2.0&Prime; custom_padding__hover=\u00a0\u00bb|||\u00a0\u00bb][et_pb_text _builder_version=\u00a0\u00bb3.27.4&Prime; text_font=\u00a0\u00bbOpen Sans||||||||\u00a0\u00bb text_line_height=\u00a0\u00bb1.5em\u00a0\u00bb custom_margin=\u00a0\u00bb||-1px|||\u00a0\u00bb custom_padding=\u00a0\u00bb||8px|||\u00a0\u00bb text_letter_spacing_last_edited=\u00a0\u00bbon|desktop\u00a0\u00bb text_line_height_phone=\u00a0\u00bb1.5em\u00a0\u00bb text_line_height_last_edited=\u00a0\u00bbon|desktop\u00a0\u00bb inline_fonts=\u00a0\u00bbNews Cycle\u00a0\u00bb _i=\u00a0\u00bb0&Prime; _address=\u00a0\u00bb4.2.0.0&Prime;]<\/p>\n<p><span style=\"color: #3366ff; font-family: News Cycle; font-weight: normal; font-size: x-large;\">Au del\u00e0 de la r\u00e9glementation.<\/span><\/p>\n<ul>\n<li style=\"padding-left: 30px;\">La r\u00e9glementation ne pr\u00e9voit pas toutes les situations, tous les contextes d&rsquo;usage, toutes les typologies de construction.<\/li>\n<li style=\"padding-left: 30px;\">Le respect, de la r\u00e9glementation ne donnera que des r\u00e9sultats partiels et insatisfaisants \u00ab\u00a0elle est minimale\u00a0\u00bb, notre diagnostic n&rsquo;est pas un cl\u00f4nage de la r\u00e9glementation.<\/li>\n<li style=\"padding-left: 30px;\">Seule une bonne exp\u00e9rience et la connaissance du monde de l&rsquo;handicap, de leurs besoins en terme d&rsquo;usage quotidien et surtout de l&rsquo;\u00e9tat d&rsquo;esprit des acteurs ( ex : Le diagnostiqueur) seront de nature \u00e0 changer fondamentalement les choses et proposer des solutions qui int\u00e8grent une vision globale en mati\u00e8re d&rsquo;accessibilit\u00e9 d&rsquo;am\u00e9nagement \u00e0 tout et pour tous : en France il faut adopter le ( CONCEPT pour TOUS) ou confort d&rsquo;usage voir Haute qualit\u00e9 d&rsquo;usage, tout cela s&rsquo;inscrit dans la 3D ( D\u00e9marche de D\u00e9veloppement Durable), ou conception universelle associ\u00e9e au \u00ab\u00a0Design for all\u00a0\u00bb.<\/li>\n<li style=\"padding-left: 30px;\">Design for all : est la conception d&rsquo;environnements, produits et services qui ouvrent les m\u00eames opportunit\u00e9s \u00e0 tous et \u00e0 tout sans discrimination d&rsquo;handicap, de culture et autres, de mani\u00e8re la plus ind\u00e9pendante possible.<\/li>\n<li style=\"padding-left: 30px;\">L&rsquo;accessibilit\u00e9 \u00e0 Tout et pour tous c&rsquo;est :<\/li>\n<\/ul>\n<ol>\n<li style=\"padding-left: 90px;\">Permettre l&rsquo;acc\u00e8s \u00e0 l&rsquo;ensemble des espaces et des \u00e9quipements<\/li>\n<li style=\"padding-left: 90px;\">Affiner la perception et la repr\u00e9sentation de l&rsquo;environnement o\u00f9 l&rsquo;on se trouve<\/li>\n<li style=\"padding-left: 90px;\">Faciliter ou favoriser la communication, l&rsquo;information et la participation pour chacun d&rsquo;entre nous.<\/li>\n<li style=\"padding-left: 90px;\">Adapter le cadre de vie en ad\u00e9quation de l&rsquo;usage des lieux et de ses limites<\/li>\n<li style=\"padding-left: 90px;\">P\u00e9renniser la fonctionnalit\u00e9 des lieux, des services et des espaces pour tous.<\/li>\n<\/ol>\n<p><span style=\"color: #3366ff; font-family: News Cycle; font-weight: normal; font-size: x-large;\">R\u00e9solution du Conseil de l&rsquo;Europe du 15 f\u00e9vrier 2001 appel\u00e9e \u00ab\u00a0R\u00e9solution de Tomar\u00a0\u00bb<\/span><\/p>\n<p style=\"text-align: left;\"><strong>La conception universelle (universal design) est une strat\u00e9gie qui vise \u00e0 concevoir et \u00e0 composer diff\u00e9rents produits qui soient, autant que faire se peut, et de la mani\u00e8re la plus ind\u00e9pendante et naturelle possible, accessibles, compr\u00e9hensibles et utilisables par tous sans devoir recourir \u00e0 des solutions n\u00e9cessitant une adaptation sp\u00e9ciale. Par cons\u00e9quent, la conception universelle va au-del\u00e0 des questions de simple accessibilit\u00e9 des b\u00e2timents pour les personnes handicap\u00e9es et devrait faire partie int\u00e9grante de l&rsquo;architecture, de la conception et de l&rsquo;am\u00e9nagement de l&rsquo;environnement.<\/strong><\/p>\n<p style=\"text-align: justify;\"><strong><\/strong><\/p>\n<p><span style=\"color: #3366ff; font-family: News Cycle; font-weight: normal; font-size: x-large;\">Les sanctions en cas de non respect des r\u00e8gles d&rsquo;accessibilit\u00e9<\/span><\/p>\n<p><strong><\/strong><\/p>\n<p><strong>La loi a \u00e9galement renforc\u00e9 les sanctions pr\u00e9vues en cas de non respect des dispositifs qu&rsquo;elle \u00e9dicte.<\/strong><\/p>\n<p><span style=\"text-decoration: underline;\">On peut compter parmi eux :<\/span><\/p>\n<ul>\n<li>Une amende<\/li>\n<li>Le remboursement de la subvention qui aurait \u00e9t\u00e9 accord\u00e9<\/li>\n<li>La fermeture de l&rsquo;\u00e9tablissement pour non respect de mise en accessibilit\u00e9<\/li>\n<li>Une interdiction d&rsquo;exercice, voire une peine de prison en cas de r\u00e9cidive<\/li>\n<\/ul>\n<p style=\"text-align: left;\">Ainsi une amende de 45 000 euros, port\u00e9e \u00e0 75 000 euros et assortie d&rsquo;une peine d&#8217;emprisonnement de 3 mois peuvent \u00eatre prononc\u00e9s par le tribunal contre les utilisateurs du sol, les b\u00e9n\u00e9ficiaires des travaux, les architectes, les entrepreneurs ou autres personnes responsables de l&rsquo;excution des dits travaux<\/p>\n<p style=\"text-align: left;\">Les associations de d\u00e9fense et d&rsquo;assistance de personnes handicap\u00e9es peuvent se porter partie civile en ce qui concerne les infractions \u00e0 la l\u00e9gislation sur l&rsquo;accessibilit\u00e9 ( sous r\u00e9serve qu&rsquo;elles soit d\u00e9clar\u00e9es depuis 5 ans \u00e0 la date des faits).<\/p>\n<p style=\"text-align: left;\">Le tribunal peut ordonner la publication et, \u00e9ventuellement la diffusion d&rsquo;un message dans un ou plusieurs journaux, informant le public des motifs de sa d\u00e9cision \u00e0 la charge du condamn\u00e9.<\/p>\n<p style=\"text-align: left;\">Des sanctions p\u00e9nales peuvent \u00eatre prononc\u00e9 \u00e0 l&rsquo;encontre des personnes morales qui m\u00e9connaissent les r\u00e8gles d&rsquo;accessibilit\u00e9. Elle peuvent \u00eatre condamn\u00e9es \u00e0 payer une amende de 225 000 euros, \u00e0 une peine compl\u00e9mentaire d&rsquo;affichage ou de diffusion, par la presse \u00e9crite ou tout moyen de communication audiovisuelle, de la d\u00e9cision prise par le tribunal ou autres, voire interdiction d&rsquo;exercer \u00e0 titre d\u00e9finitive ou pour une dur\u00e9e de 5 ans une ou plusieurs activit\u00e9s professionnelles ou sociales.<\/p>\n<p style=\"text-align: left;\">La personne qui ne serait pas comp\u00e9tente, au sens de la loi de 2005, qui \u00e9tablirait une attestation de v\u00e9rification d&rsquo;accessibilit\u00e9 sera punie d&rsquo;une amende de 1 500 \u00e0 3 000 euros.<\/p>\n<p style=\"text-align: left;\">La m\u00eame sanction est pr\u00e9vu pour l&rsquo;utilisateur de l&rsquo;attestation.<\/p>\n<p style=\"text-align: left;\">Enfin, parall\u00e8lement \u00e0 la mise en \u0153uvre de la loi 11\/02\/05 sur le handicap, a pr\u00e9vu la mise en place d&rsquo;une proc\u00e9dure de d\u00e9p\u00f4t de plainte en mati\u00e8re d&rsquo;obstacles \u00e0 la libre circulation des personnes \u00e0 mobilit\u00e9 r\u00e9duite et autre.<\/p>\n<p><span style=\"color: #3366ff; font-family: News Cycle; font-weight: normal; font-size: x-large;\">Les agendas d\u2019accessibilit\u00e9 programm\u00e9s <strong>(L&rsquo;Ad&rsquo;AP)<\/strong><\/span><\/p>\n<p><strong><\/strong><\/p>\n<p><span style=\"font-size: small;\"><strong>C&rsquo;EST VOTRE ENGAGEMENT, NOUS POUVONS VOUS AIDER POUR SA MISE EN PLACE.<\/strong><\/span><\/p>\n<p>\u00a0Premier janvier 2015 \u00e9tait la date limite pr\u00e9vue par la loi pour que tout soit accessible les \u00e9tablissements recevant du public (ERP : les commerces, cabinets m\u00e9dicaux, salles de cin\u00e9ma, banques,mairies, \u00e9tablissements scolaires, th\u00e9atres etc&#8230;).<\/p>\n<p>Du fait du retard pris par bon nombres de propri\u00e9taires et de gestionnaires de baux, l&rsquo;Etat \u00e0 mis en place l&rsquo;Agenda D&rsquo;Accessibilit\u00e9 Programm\u00e9\u00e9 (L&rsquo;AD&rsquo;AP).<\/p>\n<p>[\/et_pb_text][\/et_pb_column][\/et_pb_row][\/et_pb_section][et_pb_section fb_built=\u00a0\u00bb1&Prime; admin_label=\u00a0\u00bbAbout Section\u00a0\u00bb module_id=\u00a0\u00bbcompetences\u00a0\u00bb _builder_version=\u00a0\u00bb3.22.3&Prime; custom_padding=\u00a0\u00bb0px|0px|0|0px|false|false\u00a0\u00bb fb_built=\u00a0\u00bb1&Prime; _i=\u00a0\u00bb5&Prime; _address=\u00a0\u00bb5&Prime;][et_pb_row _builder_version=\u00a0\u00bb3.25&Prime; custom_padding=\u00a0\u00bb4px|0px|4px|0px|false|false\u00a0\u00bb _i=\u00a0\u00bb0&Prime; _address=\u00a0\u00bb5.0&Prime;][et_pb_column type=\u00a0\u00bb4_4&Prime; _builder_version=\u00a0\u00bb3.25&Prime; custom_padding=\u00a0\u00bb|||\u00a0\u00bb _i=\u00a0\u00bb0&Prime; _address=\u00a0\u00bb5.0.0&Prime; custom_padding__hover=\u00a0\u00bb|||\u00a0\u00bb][et_pb_text _builder_version=\u00a0\u00bb3.27.4&Prime; text_font=\u00a0\u00bbOpen Sans||||||||\u00a0\u00bb text_line_height=\u00a0\u00bb1.5em\u00a0\u00bb custom_margin=\u00a0\u00bb||-1px|||\u00a0\u00bb custom_padding=\u00a0\u00bb||8px|||\u00a0\u00bb text_letter_spacing_last_edited=\u00a0\u00bbon|desktop\u00a0\u00bb text_line_height_phone=\u00a0\u00bb1.5em\u00a0\u00bb text_line_height_last_edited=\u00a0\u00bbon|desktop\u00a0\u00bb inline_fonts=\u00a0\u00bbNews Cycle\u00a0\u00bb _i=\u00a0\u00bb0&Prime; _address=\u00a0\u00bb5.0.0.0&Prime;]<\/p>\n<p><span style=\"color: #3366ff; font-family: News Cycle; font-weight: normal; font-size: xx-large;\">Nos comp\u00e9tences<\/span><\/p>\n<p><strong><span style=\"font-family: Open Sans;\"><\/span><\/strong><\/p>\n<p style=\"text-align: left;\"><strong><span style=\"font-family: Open Sans;\">Notre d\u00e9fi depuis toujours \u00e0 travers le sport, c&rsquo;est la visibilit\u00e9 des personnes en situation de handicap dans la vie de la cit\u00e9.<\/span><\/strong><\/p>\n<p style=\"text-align: left;\"><strong><span style=\"font-family: Open Sans;\">Aujourd&rsquo;hui plus que jamais c&rsquo;est aussi leurs pr\u00e9sence dans l&rsquo;effectif des entreprises priv\u00e9es et publiques, puisque certaines ont un fort d\u00e9sir de travailler, d&rsquo;\u00eatre utiles et acteurs dans leur territoire.<\/span><\/strong><\/p>\n<p><span style=\"font-family: Open Sans; font-weight: normal;\"><strong>Le directeur de l&rsquo;association, Yves Tassot,<\/strong> lui-m\u00eame en situation de handicap suite \u00e0 un accident de travail de la route, a mis en \u0153uvre tr\u00e8s t\u00f4t des qualit\u00e9s de sportif, d&rsquo;entra\u00eeneur d&rsquo;\u00e9quipe et de dirigeant de club. L&rsquo;exp\u00e9rience, les observations accumul\u00e9es et les excellents r\u00e9sultats obtenus dans le cadre de la pratique sportive l&rsquo;am\u00e8nent \u00e0 consolider des comp\u00e9tences d&rsquo;animation et d&rsquo;encadrement. Plus r\u00e9cemment, <strong>convaincu que la place des personnes en situation de handicap dans le milieu professionnel passe par l&rsquo;accessibilit\u00e9 des b\u00e2timents, de leur adaptation d&rsquo;une part, l&rsquo;\u00e9volution des mentalit\u00e9s et la sensibilisation du personnel de l&rsquo;entreprise sur l&rsquo;handicap d&rsquo;autre part, il compl\u00e8te sa formation aupr\u00e8s d&rsquo;un ergonome et de fournisseurs sp\u00e9cialis\u00e9s, participe \u00e0 la cr\u00e9ation de programmes de recherche, pour \u00eatre sur le terrain.<\/strong><\/span><\/p>\n<p><span style=\"font-family: News Cycle; font-weight: normal; color: #3366ff; font-size: x-large;\">De la conviction \u00e0 l&rsquo;expertise<\/span><\/p>\n<p><span style=\"font-family: Open Sans; font-weight: normal;\"><\/span><\/p>\n<p style=\"text-align: left;\"><span style=\"font-family: Open Sans; font-weight: normal;\">Tout en cr\u00e9ant <strong>instruments et programmes d&rsquo;audit et de diagnostic<\/strong>, il concr\u00e9tise \u00e9galement des <strong>supports de formation et de sensibilisation, destin\u00e9s aux dirigeants, responsables d&rsquo;entreprise, de collectivit\u00e9s locales, ainsi qu&rsquo;\u00e0 l&rsquo;ensemble du personnel et autres.<\/strong><\/span><\/p>\n<p style=\"text-align: left;\"><span style=\"font-family: Open Sans; font-weight: normal;\">En d\u00e9marchant directement les entreprises ou en r\u00e9pondant \u00e0 des appels d&rsquo;offre, <strong>Yves Tassot r\u00e9alise depuis quelques ann\u00e9es des audits et diagnostics complets d&rsquo;accessibilit\u00e9 concernant tout type de handicap, pr\u00e9conise des solutions pour que l&rsquo;accessibilit\u00e9 s&rsquo;inscrive dans une d\u00e9marche de d\u00e9veloppement durable.<\/strong><\/span><\/p>\n<p style=\"text-align: left;\"><strong><span style=\"font-family: Open Sans;\">Il est aujourd&rsquo;hui un interlocuteur expert aussi bien aupr\u00e8s des entreprises clientes que des fournisseurs de produits et de mat\u00e9riels.<\/span><\/strong><\/p>\n<p style=\"text-align: left;\"><span style=\"font-family: Open Sans; font-weight: normal;\">Dans le m\u00eame temps <strong>il anime avec succ\u00e8s des sessions de formation et sensibilisation aupr\u00e8s des salari\u00e9s<\/strong>, bas\u00e9es parfois sur des mises en situation originales qui favorisent la prise de conscience chez les participants.<\/span><\/p>\n<p><span style=\"font-family: News Cycle; font-weight: normal; color: #3366ff; font-size: x-large;\">L&rsquo;esprit d&rsquo;entreprise au service de l&#8217;emploi et de la mobilit\u00e9<\/span><\/p>\n<p><span style=\"font-family: Open Sans; font-weight: normal;\"><\/span><\/p>\n<p style=\"text-align: justify;\"><span style=\"font-family: Open Sans; font-weight: normal;\">Le plus souvent, quand enfin une personne en situation de handicap d\u00e9croche un emploi, elle ne peut tout simplement pas s&rsquo;y rendre dans le confort et l&rsquo;autonomie. Parfois c&rsquo;est un obstacle majeur pour le d\u00e9crocher, cet emploi, puis le conserver.<\/span><\/p>\n<p style=\"text-align: justify;\"><strong><span style=\"font-family: Open Sans;\">Nous proposons un service de location de v\u00e9hicules adapt\u00e9s aux personnes handicap\u00e9es ayant bien sur le permis de conduire en cons\u00e9quence.<\/span><\/strong><\/p>\n<p>[\/et_pb_text][\/et_pb_column][\/et_pb_row][\/et_pb_section][et_pb_section fb_built=\u00a0\u00bb1&Prime; admin_label=\u00a0\u00bbAbout Section\u00a0\u00bb module_id=\u00a0\u00bbenjeux\u00a0\u00bb _builder_version=\u00a0\u00bb3.22.3&Prime; custom_padding=\u00a0\u00bb4px|0px|0|0px|false|false\u00a0\u00bb fb_built=\u00a0\u00bb1&Prime; _i=\u00a0\u00bb6&Prime; _address=\u00a0\u00bb6&Prime;][et_pb_row _builder_version=\u00a0\u00bb3.25&Prime; custom_padding=\u00a0\u00bb5px|||||\u00a0\u00bb _i=\u00a0\u00bb0&Prime; _address=\u00a0\u00bb6.0&Prime;][et_pb_column type=\u00a0\u00bb4_4&Prime; _builder_version=\u00a0\u00bb3.25&Prime; custom_padding=\u00a0\u00bb|||\u00a0\u00bb _i=\u00a0\u00bb0&Prime; _address=\u00a0\u00bb6.0.0&Prime; custom_padding__hover=\u00a0\u00bb|||\u00a0\u00bb][et_pb_text _builder_version=\u00a0\u00bb3.27.4&Prime; text_font=\u00a0\u00bbOpen Sans||||||||\u00a0\u00bb text_line_height=\u00a0\u00bb1.5em\u00a0\u00bb custom_margin=\u00a0\u00bb||-1px|||\u00a0\u00bb custom_padding=\u00a0\u00bb||8px|||\u00a0\u00bb text_letter_spacing_last_edited=\u00a0\u00bbon|desktop\u00a0\u00bb text_line_height_phone=\u00a0\u00bb1.5em\u00a0\u00bb text_line_height_last_edited=\u00a0\u00bbon|desktop\u00a0\u00bb inline_fonts=\u00a0\u00bbNews Cycle\u00a0\u00bb _i=\u00a0\u00bb0&Prime; _address=\u00a0\u00bb6.0.0.0&Prime;]<\/p>\n<p>La possibilit\u00e9 de se d\u00e9placer, d&rsquo;aller et venir, de communiquer, \u00a0d&rsquo;\u00eatre bien h\u00e9berg\u00e9,\u00a0conditionne l\u2019insertion sociale, \u00e9ducative, professionnelle et culturelle de l\u2019ensemble de la population sans discrimination.<\/p>\n<p><span style=\"color: #3366ff; font-family: News Cycle; font-weight: normal; font-size: x-large;\">Enjeux de confort pour tous et gage de qualit\u00e9\u00a0:<\/span><\/p>\n<p>Mobilit\u00e9 r\u00e9duite ou pas, l\u2019accessibilit\u00e9 concourt largement au confort offert \u00e0 l\u2019ensemble de la population. Les personnes \u00e0 mobilit\u00e9 r\u00e9duite ou en situation de handicap divers sont les r\u00e9v\u00e9lateurs des difficult\u00e9s ressenties et subies par l\u2019ensemble des citoyens dans l\u2019utilisation de la cit\u00e9.<\/p>\n<p><span style=\"color: #3366ff; font-family: News Cycle; font-weight: normal; font-size: x-large;\">Enjeux \u00e9conomique\u00a0:<\/span><\/p>\n<p>Cet aspect peut-\u00eatre vu sous plusieurs angles\u00a0:<\/p>\n<p>\u00a0D\u2019une part, les personnes handicap\u00e9es peuvent acc\u00e9der au travail et de ce fait consommer plus et donc devenir productrices de richesse ;<\/p>\n<ul>\n<li>D\u2019autre part, des \u00e9conomies non n\u00e9gligeables peuvent \u00eatre r\u00e9alis\u00e9s en mati\u00e8re de sant\u00e9 du fait des possibilit\u00e9s de maintien \u00e0 domicile des personnes\u00a0ou de s&rsquo;y rendre dans certains lieux accessibles en toute autonomie.<\/li>\n<li>Enfin, l\u2019accessibilit\u00e9 peut-\u00eatre g\u00e9n\u00e9ratrice de recettes financi\u00e8res induites par une augmentation de la client\u00e8le notamment en mati\u00e8re de transport publics, de loisirs et de tourisme, enfin \u00eatre un\u00a0 citoyen consommateur naturel et acteur dans le champ \u00e9conomique de sa r\u00e9gion.<\/li>\n<\/ul>\n<p>La recherche et l&rsquo;innovation peuvent \u00e9galement apporter leur contribution en mati\u00e8re financi\u00e8re, d&#8217;emploi et en m\u00eame temps am\u00e9liorer le cadre de vie des personnes handicap\u00e9es (NTIC)<\/p>\n<p><span style=\"color: #3366ff; font-family: News Cycle; font-weight: normal; font-size: x-large;\">Enjeux de s\u00e9curit\u00e9\u00a0:<\/span><\/p>\n<p>\u00a0La r\u00e9alisation d\u2019une bonne accessibilit\u00e9 et adaptabilit\u00e9 sont des \u00a0facteurs de pr\u00e9vention des accidents et participe \u00e0 la s\u00e9curit\u00e9 de tous sans discrimination.<\/p>\n<p><span style=\"color: #3366ff; font-family: News Cycle; font-weight: normal; font-size: x-large;\">Enjeux de d\u00e9veloppement durable\u00a0 :<\/span><\/p>\n<p>\u00a0Trouver et proposer des solutions qui r\u00e9pondent aux besoins imm\u00e9diats sans compromettre la capacit\u00e9 des g\u00e9n\u00e9rations futures \u00e0 r\u00e9pondre aux leurs<\/p>\n<ul>\n<li>C\u2019est ainsi par exemple que des transports accessibles et donc plus confortables sont un \u00e9l\u00e9ment important de promotion des transports publics et participe \u00e0 l\u2019\u00e9vidence \u00e0 la lutte contre l\u2019isolement des personnes handicap\u00e9es, la pollution et au d\u00e9sengorgement des centres ville.<\/li>\n<li>C&rsquo;est aussi la prise en compte du cadre b\u00e2ti et plus g\u00e9n\u00e9ralement de l&rsquo;ensemble de son environnement pour tous est et sera toujours une pr\u00e9occupation majeure qui d\u00e9passe largement le cadre national. Il faut penser que la population d&rsquo;i\u00e7i 10, 20 ans va tripler de personnes de plus de 65 et 80 ans, c&rsquo;est accroissement r\u00e9gulier de l&rsquo;esp\u00e9rance de vie va poser quelques probl\u00e8mes sur notre mode de construction et les solutions qu&rsquo;il faudrait proposer et adopter pour y r\u00e9pondre. cela veut dire le nombre de probl\u00e8me va augmenter, nous aurons beaucoup plus de voix, ainsi nous ferons entendre encore plus fort\u00a0 nos exigences\u00a0 et la prise en compte de nos besoins<\/li>\n<\/ul>\n<p><span style=\"color: #3366ff; font-family: News Cycle; font-weight: normal; font-size: x-large;\">Ouvrir aux personnes en situation de handicap le champ\u00a0 des possibles en mati\u00e8re de sport, d\u2019emploi et de mobilit\u00e9<\/span><\/p>\n<h1><\/h1>\n<ul>\n<li>\u00a0Toutes les structures sportives doivent \u00eatre accessibles, adapt\u00e9es,\u00e9quip\u00e9es pour que les personnes en situation de handicap aptes \u00e0 pratiquer une activit\u00e9 sportive puissent le faire en toute autonomie et en toute s\u00e9curit\u00e9<\/li>\n<\/ul>\n<p><span style=\"color: #3366ff; font-family: News Cycle; font-weight: normal; font-size: x-large;\">Jouer gagnant :<\/span><\/p>\n<h3><\/h3>\n<p>M\u00eame si certains disent, et c&rsquo;est vrai \u00ab\u00a0l&rsquo;important c&rsquo;est de participer\u00a0\u00bb, tous les sportifs savent que \u00ab\u00a0l&rsquo;on joue pour gagner\u00a0\u00bb.<\/p>\n<p><strong>C&rsquo;est cet esprit qui nous anime pour\u00a0 participer, d\u00e9velopper l&rsquo;acc\u00e8s \u00e0 toutes les structures y compris pour la pratique du sport\u00a0 et le maintien dans l&#8217;emploi<\/strong>.<\/p>\n<p><span style=\"color: #3366ff; font-family: News Cycle; font-weight: normal; font-size: x-large;\">Tout le monde y gagne :<\/span><\/p>\n<p><strong>La personne en situation de handicap qui veut travailler, l&#8217;employeur et les salari\u00e9s, coll\u00e8gues ou futurs coll\u00e8gues, et l&rsquo;ensemble de la collectivit\u00e9 !<\/strong><\/p>\n<p>Tant sur le plan de la reconnaissance individuelle que sur le plan \u00e9conomique, les actions que nous menons visent \u00e0 donner une place \u00e0 chacun et \u00e0\u00a0inciter l&#8217;embauche des personnes handicap\u00e9es\u00a0reconnues aptes \u00e0 travailler (TH)<\/p>\n<p>&nbsp;<\/p>\n<p><span style=\"font-size: large;\"><strong>La personne en situation de handicap n&rsquo;est plus \u00ab\u00a0une assist\u00e9e\u00a0\u00bb mais un acteur social et \u00e9conomique \u00e0 part enti\u00e8re.<\/strong><\/span><\/p>\n<p>[\/et_pb_text][\/et_pb_column][\/et_pb_row][\/et_pb_section][et_pb_section fb_built=\u00a0\u00bb1&Prime; admin_label=\u00a0\u00bbAbout Section\u00a0\u00bb module_id=\u00a0\u00bbprestations\u00a0\u00bb _builder_version=\u00a0\u00bb3.22.3&Prime; custom_padding=\u00a0\u00bb0px|0px|0|0px|false|false\u00a0\u00bb fb_built=\u00a0\u00bb1&Prime; _i=\u00a0\u00bb7&Prime; _address=\u00a0\u00bb7&Prime;][et_pb_row _builder_version=\u00a0\u00bb3.25&Prime; custom_padding=\u00a0\u00bb4px|||||\u00a0\u00bb _i=\u00a0\u00bb0&Prime; _address=\u00a0\u00bb7.0&Prime;][et_pb_column type=\u00a0\u00bb4_4&Prime; _builder_version=\u00a0\u00bb3.25&Prime; custom_padding=\u00a0\u00bb|||\u00a0\u00bb _i=\u00a0\u00bb0&Prime; _address=\u00a0\u00bb7.0.0&Prime; custom_padding__hover=\u00a0\u00bb|||\u00a0\u00bb][et_pb_text _builder_version=\u00a0\u00bb3.27.4&Prime; text_font=\u00a0\u00bbOpen Sans||||||||\u00a0\u00bb text_line_height=\u00a0\u00bb1.5em\u00a0\u00bb custom_margin=\u00a0\u00bb-9px||-1px|||\u00a0\u00bb custom_padding=\u00a0\u00bb||8px|||\u00a0\u00bb text_letter_spacing_last_edited=\u00a0\u00bbon|desktop\u00a0\u00bb text_line_height_phone=\u00a0\u00bb1.5em\u00a0\u00bb text_line_height_last_edited=\u00a0\u00bbon|desktop\u00a0\u00bb inline_fonts=\u00a0\u00bbNews Cycle\u00a0\u00bb _i=\u00a0\u00bb0&Prime; _address=\u00a0\u00bb7.0.0.0&Prime;]<\/p>\n<p><span style=\"color: #3366ff; font-family: News Cycle; font-weight: normal; font-size: xx-large;\">Nos prestations<\/span><\/p>\n<p><strong><\/strong><\/p>\n<h2 style=\"text-align: justify;\"><span style=\"font-size: 12pt;\">Nos objectifs<\/span><\/h2>\n<ul>\n<li style=\"text-align: justify;\"><strong>R\u00e9pondre aux exigences l\u00e9gislatives<\/strong> en mati\u00e8re d\u2019accessibilit\u00e9 et d&#8217;emploi.<\/li>\n<li style=\"text-align: justify;\"><strong>Aider les entreprises et les institutions<\/strong> dans leur relation avec les personnes en situation de handicap<\/li>\n<li style=\"text-align: justify;\"><strong>Favoriser l&#8217;emploi et la mobilit\u00e9<\/strong> de ces derni\u00e8res<\/li>\n<\/ul>\n<h3 style=\"text-align: justify;\"><\/h3>\n<h3 style=\"text-align: justify;\"><\/h3>\n<h2 style=\"text-align: justify;\"><span style=\"font-size: 12pt;\">Notre offre <\/span><\/h2>\n<ul>\n<li style=\"text-align: justify;\"><strong>Audit et diagnostic d&rsquo;accessibilit\u00e9<\/strong> des b\u00e2timents et locaux<\/li>\n<li style=\"text-align: justify;\"><strong>Recherche de solutions et conseil<\/strong><\/li>\n<li style=\"text-align: justify;\"><strong>Am\u00e9nagement de poste de travail<\/strong><\/li>\n<li style=\"text-align: justify;\"><strong>Formation et sensibilisation<\/strong> de la direction et des salari\u00e9s<\/li>\n<li style=\"text-align: justify;\"><strong>Aide au recrutement<\/strong> de personnes reconnues \u00ab\u00a0travailleur handicap\u00e9\u00a0\u00bb<\/li>\n<li style=\"text-align: justify;\"><strong>Accompagnement personnalis\u00e9<\/strong> de stagiaires ou de salari\u00e9s en situation de handicap<\/li>\n<li style=\"text-align: justify;\"><strong>Location de v\u00e9hicules adapt\u00e9s<\/strong> aux entreprises ou aux particuliers<\/li>\n<\/ul>\n<p style=\"text-align: justify;\">Nous intervenons dans le cadre de contrats ou de conventions, soit \u00e0 la journ\u00e9e soit sur des dur\u00e9es plus longues.<\/p>\n<p style=\"text-align: center;\"><span style=\"font-size: large;\"><strong>Tarifs : Nous consulter pour une approche personnalis\u00e9e<\/strong><\/span><\/p>\n<p>[\/et_pb_text][\/et_pb_column][\/et_pb_row][\/et_pb_section][et_pb_section fb_built=\u00a0\u00bb1&Prime; admin_label=\u00a0\u00bbAbout Section\u00a0\u00bb module_id=\u00a0\u00bbreferences\u00a0\u00bb _builder_version=\u00a0\u00bb3.22.3&Prime; custom_padding=\u00a0\u00bb5px|0px|0|0px|false|false\u00a0\u00bb fb_built=\u00a0\u00bb1&Prime; _i=\u00a0\u00bb8&Prime; _address=\u00a0\u00bb8&Prime;][et_pb_row _builder_version=\u00a0\u00bb3.25&Prime; custom_padding=\u00a0\u00bb4px|||||\u00a0\u00bb _i=\u00a0\u00bb0&Prime; _address=\u00a0\u00bb8.0&Prime;][et_pb_column type=\u00a0\u00bb4_4&Prime; _builder_version=\u00a0\u00bb3.25&Prime; custom_padding=\u00a0\u00bb|||\u00a0\u00bb _i=\u00a0\u00bb0&Prime; _address=\u00a0\u00bb8.0.0&Prime; custom_padding__hover=\u00a0\u00bb|||\u00a0\u00bb][et_pb_text _builder_version=\u00a0\u00bb3.27.4&Prime; text_font=\u00a0\u00bbOpen Sans||||||||\u00a0\u00bb text_line_height=\u00a0\u00bb1.5em\u00a0\u00bb custom_margin=\u00a0\u00bb-4px||-1px|||\u00a0\u00bb custom_padding=\u00a0\u00bb||8px|||\u00a0\u00bb text_letter_spacing_last_edited=\u00a0\u00bbon|desktop\u00a0\u00bb text_line_height_phone=\u00a0\u00bb1.5em\u00a0\u00bb text_line_height_last_edited=\u00a0\u00bbon|desktop\u00a0\u00bb inline_fonts=\u00a0\u00bbNews Cycle\u00a0\u00bb _i=\u00a0\u00bb0&Prime; _address=\u00a0\u00bb8.0.0.0&Prime;]<\/p>\n<p><strong><span style=\"font-size: 14pt;\"><span style=\"color: #3366ff; font-family: News Cycle; font-weight: normal; font-size: xx-large;\">R\u00e9f\u00e9rences : Principaux Diagnostics r\u00e9alis\u00e9s<\/span><br \/> <\/span><\/strong><\/p>\n<p><strong><span style=\"font-size: 14pt;\"><\/span><\/strong><\/p>\n<p><strong><span style=\"font-size: 14pt;\"><\/span><\/strong><\/p>\n<p>&#8211; Soci\u00e9t\u00e9 SILOGIC \u00e0 TOULOUSE<\/p>\n<p>&#8211; Vic en BIGORRE dans le cadre du PAVE<\/p>\n<p>&#8211; Centre de formation SNCF \u00e0 TOULOUSE<\/p>\n<p>&#8211; Caisse d&rsquo;Epargne \u00e0 TOULOUSE<\/p>\n<p>&#8211; Soci\u00e9t\u00e9 TECHNOFAN de BLAGNAC<\/p>\n<p>&#8211; Clinique d&rsquo;Aufr\u00e9ry de BALMA<\/p>\n<p>&#8211; MUSEE des ABATTOIRS de TOULOUSE<\/p>\n<p>&#8211; Si\u00e8ge Banque Populaire \u00e0 BALMA<\/p>\n<p>&#8211; Si\u00e8ge Banque Populaire de CAHORS<\/p>\n<p>&#8211; Agence B. Populaire de AUCH<\/p>\n<p>&#8211; Agence B. Populaire\u00a0de LOURDES<\/p>\n<p>&#8211; Agence B.Populaire de RODEZ<\/p>\n<p>&#8211; Agence B. Populaire de ST GAUDENS<\/p>\n<p>&#8211; Cabinet de podologue Mme COSTA\u00a0\u00e0 MONTAUBAN. etc<\/p>\n<p>&#8211; Le CRIC centre de formation professionnel av de Muret \u00e0 TOULOUSE<\/p>\n<p>&#8211; Le CRIC pr\u00e9pa route de Seysses \u00e0 TOULOUSE<\/p>\n<p>&#8211; Entreprise Adapt\u00e9e ( H\u00f4tel R\u00e9sidence FLUVIA) au coeur de l&rsquo;oncople de TOULOUSE<\/p>\n<p>&#8211; Hotel saint Louis\u00a0 de France \u00e0 LOURDES<\/p>\n<p>&#8211; Hotel victor HUGO \u00e0 TOULOUSE<\/p>\n<p>&#8211; Clinique\u00a0 AUFRERY de BALMA<\/p>\n<p>&nbsp;<\/p>\n<p>P.A.V.E. de GEMIL (communot\u00e9 de communes des coteaux de Girou) etc.<\/p>\n<p>Pour le logement : HABITAT TOULOUSE et quelques particuliers.<\/p>\n<p>[\/et_pb_text][\/et_pb_column][\/et_pb_row][\/et_pb_section][et_pb_section fb_built=\u00a0\u00bb1&Prime; admin_label=\u00a0\u00bbAbout Section\u00a0\u00bb module_id=\u00a0\u00bbparticuliers\u00a0\u00bb _builder_version=\u00a0\u00bb3.22.3&Prime; custom_padding=\u00a0\u00bb2px|0px|0|0px|false|false\u00a0\u00bb fb_built=\u00a0\u00bb1&Prime; _i=\u00a0\u00bb9&Prime; _address=\u00a0\u00bb9&Prime;][et_pb_row _builder_version=\u00a0\u00bb3.25&Prime; custom_padding=\u00a0\u00bb3px|||||\u00a0\u00bb _i=\u00a0\u00bb0&Prime; _address=\u00a0\u00bb9.0&Prime;][et_pb_column type=\u00a0\u00bb4_4&Prime; _builder_version=\u00a0\u00bb3.25&Prime; custom_padding=\u00a0\u00bb|||\u00a0\u00bb _i=\u00a0\u00bb0&Prime; _address=\u00a0\u00bb9.0.0&Prime; custom_padding__hover=\u00a0\u00bb|||\u00a0\u00bb][et_pb_text _builder_version=\u00a0\u00bb3.27.4&Prime; text_font=\u00a0\u00bbOpen Sans||||||||\u00a0\u00bb text_line_height=\u00a0\u00bb1.5em\u00a0\u00bb custom_margin=\u00a0\u00bb||-1px|||\u00a0\u00bb custom_padding=\u00a0\u00bb||8px|||\u00a0\u00bb text_letter_spacing_last_edited=\u00a0\u00bbon|desktop\u00a0\u00bb text_line_height_phone=\u00a0\u00bb1.5em\u00a0\u00bb text_line_height_last_edited=\u00a0\u00bbon|desktop\u00a0\u00bb inline_fonts=\u00a0\u00bbNews Cycle\u00a0\u00bb _i=\u00a0\u00bb0&Prime; _address=\u00a0\u00bb9.0.0.0&Prime;]<\/p>\n<div class=\"joomla \">\n<div class=\"article\">\n<p><span style=\"color: #3366ff; font-family: News Cycle; font-weight: normal; font-size: xx-large;\">Qu\u2019est-ce que Handicap D\u00e9fi services aux particuliers?<\/span><\/p>\n<p><strong><\/strong><\/p>\n<p><span style=\"color: #3366ff; font-family: News Cycle; font-weight: normal; font-size: x-large;\">Relever le d\u00e9fi du handicap par le sport et l\u2019emploi<\/span><\/p>\n<p>&nbsp;<\/p>\n<p><strong><span style=\"font-size: 12pt;\">Accueillir et \u00e9couter<\/span><\/strong><span style=\"font-size: 12pt;\"> les personnes se pr\u00e9sentant \u00e0 l\u2019association<\/span><\/p>\n<p><strong><span style=\"font-size: 12pt;\">Les informer et les orienter<\/span><\/strong><span style=\"font-size: 12pt;\"> vers d\u2019autres organisations comp\u00e9tentes selon leur besoin<\/span><\/p>\n<p><strong><span style=\"font-size: 12pt;\">S&rsquo;entretenir <\/span><\/strong><span style=\"font-size: 12pt;\">de mani\u00e8re approfondie avec chacun d\u00e8s l\u2019expression d\u2019une demande plus pr\u00e9cise en vue d\u2019obtenir un emploi avec les objectifs suivants :<\/span><\/p>\n<ul class=\"asmth\">\n<li>commenter avec la personne son CV et ses exp\u00e9riences<\/li>\n<li>appr\u00e9cier les caract\u00e9ristiques de son handicap<\/li>\n<li>identifier la possibilit\u00e9 de se rendre sur un lieu de travail et les moyens disponibles<\/li>\n<li>identifier les besoins \u00e9ventuels de formation compl\u00e9mentaire pour une meilleure ad\u00e9quation avec les attentes des employeurs potentiels.<\/li>\n<\/ul>\n<p>Chaque phase de l\u2019entretien nous permet de donner des avis et conseils qui s\u2019appuient sur des situations et exemples concrets. Ces exemples sont li\u00e9s \u00e0 l\u2019exp\u00e9rience de la personne qui cherche un emploi, ou au contenu des entretiens avec les chefs d\u2019entreprise que nous rencontrons.<\/p>\n<p>Nous conservons les CV par type d\u2019emploi recherch\u00e9, ce qui nous permet de r\u00e9agir rapidement en cas d\u2019offre.<\/p>\n<p><strong>Ces entretiens pr\u00e9sentent \u00e9galement pour nous l\u2019opportunit\u00e9 de conseiller les personnes que nous recevons sur les points suivants :<\/strong><\/p>\n<ul class=\"asmth\">\n<li>Achat et entretien de mat\u00e9riel<\/li>\n<li>Pr\u00e9sentation personnelle<\/li>\n<li>Acc\u00e8s \u00e0 la pratique d\u2019activit\u00e9s sportives ou non<\/li>\n<li>etc. \u2026<\/li>\n<\/ul>\n<p><strong>Ceci est rendu possible par notre exp\u00e9rience plus de 40 ans d&rsquo;existence active et la cr\u00e9dibilit\u00e9 que nous avons acquise notamment dans les milieux du sport et de la pr\u00e9vention.<\/strong><\/p>\n<p><em>Les activit\u00e9s ci-dessus sont assur\u00e9es par les permanents et b\u00e9n\u00e9voles de notre association.<\/em><\/p>\n<\/div>\n<\/div>\n<p>[\/et_pb_text][\/et_pb_column][\/et_pb_row][et_pb_row column_structure=\u00a0\u00bb1_3,1_3,1_3&Prime; _builder_version=\u00a0\u00bb3.25&Prime; custom_padding=\u00a0\u00bb0|0px|27px|0px|false|false\u00a0\u00bb _i=\u00a0\u00bb1&Prime; _address=\u00a0\u00bb9.1&Prime;][et_pb_column type=\u00a0\u00bb1_3&Prime; _builder_version=\u00a0\u00bb3.25&Prime; custom_padding=\u00a0\u00bb|||\u00a0\u00bb _i=\u00a0\u00bb0&Prime; _address=\u00a0\u00bb9.1.0&Prime; custom_padding__hover=\u00a0\u00bb|||\u00a0\u00bb][et_pb_text _builder_version=\u00a0\u00bb3.29&Prime; text_font=\u00a0\u00bbLato||||||||\u00a0\u00bb text_text_color=\u00a0\u00bbrgba(255,255,255,0.7)\u00a0\u00bb text_font_size=\u00a0\u00bb15px\u00a0\u00bb text_line_height=\u00a0\u00bb2em\u00a0\u00bb link_font=\u00a0\u00bb||||||||\u00a0\u00bb link_text_color=\u00a0\u00bb#ffffff\u00a0\u00bb header_font=\u00a0\u00bb||||||||\u00a0\u00bb header_2_font=\u00a0\u00bbLato||||||||\u00a0\u00bb header_3_font=\u00a0\u00bbLato|700|||||||\u00a0\u00bb header_3_font_size=\u00a0\u00bb23px\u00a0\u00bb header_3_line_height=\u00a0\u00bb1.5em\u00a0\u00bb background_color=\u00a0\u00bbrgba(36,36,76,0.62)\u00a0\u00bb background_layout=\u00a0\u00bbdark\u00a0\u00bb custom_margin=\u00a0\u00bb0%||0px|\u00a0\u00bb custom_margin_tablet=\u00a0\u00bb40px|||\u00a0\u00bb custom_margin_last_edited=\u00a0\u00bbon|tablet\u00a0\u00bb custom_padding=\u00a0\u00bb20px|30px|20px|30px\u00a0\u00bb custom_padding_last_edited=\u00a0\u00bbon|tablet\u00a0\u00bb filter_opacity=\u00a0\u00bb92%\u00a0\u00bb animation_style=\u00a0\u00bbfold\u00a0\u00bb animation_delay=\u00a0\u00bb100ms\u00a0\u00bb border_radii=\u00a0\u00bbon|20px|20px|20px|20px\u00a0\u00bb box_shadow_style=\u00a0\u00bbpreset2&Prime; locked=\u00a0\u00bboff\u00a0\u00bb _i=\u00a0\u00bb0&Prime; _address=\u00a0\u00bb9.1.0.0&Prime;]<\/p>\n<h3>Nous contacter<\/h3>\n<p>T\u00e9l\u00e9phone : <a href=\"tel:+33561805273\">05 61 80 52 73<\/a><br \/>\nMobile        : <a href=\"tel:+33610233371\">06 10 23 33 71<\/a><\/p>\n<p>E-Mail : handicapdefi@asmth.com<br \/>\nAdresse :<br \/>\n<a href=\"https:\/\/handicapdefi.fr\/index.php\/plan-dacces\/\" title=\"Plan d'acc\u00e9s\">19 Bis rue Roussillon, 31100 Toulouse<\/a>[\/et_pb_text][\/et_pb_column][et_pb_column type=\u00a0\u00bb1_3&Prime; _builder_version=\u00a0\u00bb3.25&Prime; custom_padding=\u00a0\u00bb|||\u00a0\u00bb _i=\u00a0\u00bb1&Prime; _address=\u00a0\u00bb9.1.1&Prime; custom_padding__hover=\u00a0\u00bb|||\u00a0\u00bb][\/et_pb_column][et_pb_column type=\u00a0\u00bb1_3&Prime; _builder_version=\u00a0\u00bb3.25&Prime; custom_padding=\u00a0\u00bb|||\u00a0\u00bb _i=\u00a0\u00bb2&Prime; _address=\u00a0\u00bb9.1.2&Prime; custom_padding__hover=\u00a0\u00bb|||\u00a0\u00bb][et_pb_code _builder_version=\u00a0\u00bb3.22.6&Prime; _i=\u00a0\u00bb0&Prime; _address=\u00a0\u00bb9.1.2.0&Prime;]<!--Add to Integrations Tab or Code Module--><!-- [et_pb_line_break_holder] --><script><!-- [et_pb_line_break_holder] -->\/\/ Run after document has loaded...<!-- [et_pb_line_break_holder] -->jQuery(document).ready(function($){<!-- [et_pb_line_break_holder] -->  $(window).scroll(function() {<!-- [et_pb_line_break_holder] -->  var scroll = $(window).scrollTop();<!-- [et_pb_line_break_holder] -->  if (scroll >= 500) { \/\/ If user scrolls down 500px...<!-- [et_pb_line_break_holder] -->    $('#float').show();<!-- [et_pb_line_break_holder] -->  }<!-- [et_pb_line_break_holder] -->  });<!-- [et_pb_line_break_holder] -->});<!-- [et_pb_line_break_holder] --><\/script>[\/et_pb_code][et_pb_code _builder_version=\u00a0\u00bb3.22.6&Prime; _i=\u00a0\u00bb1&Prime; _address=\u00a0\u00bb9.1.2.1&Prime;]<!--Add to Integrations Tab or Code Module--><!-- [et_pb_line_break_holder] --><script><!-- [et_pb_line_break_holder] -->\/\/ Run after document has loaded...<!-- [et_pb_line_break_holder] -->jQuery(document).ready(function($){<!-- [et_pb_line_break_holder] -->  $(window).scroll(function() {<!-- [et_pb_line_break_holder] -->  var scroll = $(window).scrollTop();<!-- [et_pb_line_break_holder] -->  if (scroll < 500) { \/\/ If user scrolls up 500px...<!-- [et_pb_line_break_holder] -->    $('#float').hide();<!-- [et_pb_line_break_holder] -->  }<!-- [et_pb_line_break_holder] -->  });<!-- [et_pb_line_break_holder] -->});<!-- [et_pb_line_break_holder] --><\/script>[\/et_pb_code][et_pb_code _builder_version=\u00a0\u00bb3.22.6&Prime; _i=\u00a0\u00bb2&Prime; _address=\u00a0\u00bb9.1.2.2&Prime;]<!--Add to Integrations Tab or Code Module--><!-- [et_pb_line_break_holder] --><script><!-- [et_pb_line_break_holder] -->\/\/ Run after document has loaded...<!-- [et_pb_line_break_holder] -->jQuery(document).ready(function($){<!-- [et_pb_line_break_holder] -->  $(window).scroll(function() {<!-- [et_pb_line_break_holder] -->  var scroll = $(window).scrollTop();<!-- [et_pb_line_break_holder] -->  if (scroll >= 500) { \/\/ If user scrolls down 500px...<!-- [et_pb_line_break_holder] -->    $('#float').show();<!-- [et_pb_line_break_holder] -->  }<!-- [et_pb_line_break_holder] -->  });<!-- [et_pb_line_break_holder] -->});<!-- [et_pb_line_break_holder] --><\/script>[\/et_pb_code][\/et_pb_column][\/et_pb_row][\/et_pb_section][et_pb_section fb_built=\u00a0\u00bb1&Prime; _builder_version=\u00a0\u00bb3.22.3&Prime; custom_padding=\u00a0\u00bb17px|0px|0|0px|false|false\u00a0\u00bb fb_built=\u00a0\u00bb1&Prime; _i=\u00a0\u00bb10&Prime; _address=\u00a0\u00bb10&Prime;][\/et_pb_section]<\/p>\n","protected":false},"excerpt":{"rendered":"<p>\u00a0 \u00a0 Services aux entreprises, aux collectivit\u00e9s et aux particuliers Accessibilit\u00e9, S\u00e9curit\u00e9, Signal\u00e9tique Notre expertise : Vous aider \u00e0 trouver des solutions optimales, innovantes, personnalis\u00e9es pour votre b\u00e2ti. Conseil pour une meilleure accessibilit\u00e9 des lieux dans le cadre du \u00ab\u00a0concept universel\u00a0\u00bb. Conseil pour tout achat de mat\u00e9riel et autres entrant dans le concept de l&rsquo;acc\u00e8s [&hellip;]<\/p>\n","protected":false},"author":1,"featured_media":0,"parent":0,"menu_order":0,"comment_status":"closed","ping_status":"closed","template":"","meta":{"_et_pb_use_builder":"on","_et_pb_old_content":"","_et_gb_content_width":""},"yoast_head":"<!-- This site is optimized with the Yoast SEO plugin v19.6 - https:\/\/yoast.com\/wordpress\/plugins\/seo\/ -->\n<title>Diagnostic en accessibilit\u00e9 - Handicap D\u00e9fi<\/title>\n<meta name=\"robots\" content=\"index, follow, max-snippet:-1, max-image-preview:large, max-video-preview:-1\" \/>\n<link rel=\"canonical\" href=\"https:\/\/handicapdefi.fr\/index.php\/diagnostic-en-accessibilite\/\" \/>\n<meta property=\"og:locale\" content=\"fr_FR\" \/>\n<meta property=\"og:type\" content=\"article\" \/>\n<meta property=\"og:title\" content=\"Diagnostic en accessibilit\u00e9 - Handicap D\u00e9fi\" \/>\n<meta property=\"og:description\" content=\"\u00a0 \u00a0 Services aux entreprises, aux collectivit\u00e9s et aux particuliers Accessibilit\u00e9, S\u00e9curit\u00e9, Signal\u00e9tique Notre expertise : Vous aider \u00e0 trouver des solutions optimales, innovantes, personnalis\u00e9es pour votre b\u00e2ti. Conseil pour une meilleure accessibilit\u00e9 des lieux dans le cadre du &quot;concept universel&quot;. Conseil pour tout achat de mat\u00e9riel et autres entrant dans le concept de l&#039;acc\u00e8s [&hellip;]\" \/>\n<meta property=\"og:url\" content=\"https:\/\/handicapdefi.fr\/index.php\/diagnostic-en-accessibilite\/\" \/>\n<meta property=\"og:site_name\" content=\"Handicap D\u00e9fi\" \/>\n<meta property=\"article:publisher\" content=\"https:\/\/www.facebook.com\/asmth.handicapdefi\" \/>\n<meta property=\"article:modified_time\" content=\"2022-06-29T17:26:47+00:00\" \/>\n<meta property=\"og:image\" content=\"https:\/\/handicapdefi.fr\/wp-content\/uploads\/2019\/03\/Sport-3-273x300.png\" \/>\n<meta name=\"twitter:card\" content=\"summary_large_image\" \/>\n<meta name=\"twitter:label1\" content=\"Dur\u00e9e de lecture estim\u00e9e\" \/>\n\t<meta name=\"twitter:data1\" content=\"25 minutes\" \/>\n<script type=\"application\/ld+json\" class=\"yoast-schema-graph\">{\"@context\":\"https:\/\/schema.org\",\"@graph\":[{\"@type\":\"WebPage\",\"@id\":\"https:\/\/handicapdefi.fr\/index.php\/diagnostic-en-accessibilite\/\",\"url\":\"https:\/\/handicapdefi.fr\/index.php\/diagnostic-en-accessibilite\/\",\"name\":\"Diagnostic en accessibilit\u00e9 - Handicap D\u00e9fi\",\"isPartOf\":{\"@id\":\"https:\/\/handicapdefi.fr\/#website\"},\"datePublished\":\"2019-03-16T16:52:11+00:00\",\"dateModified\":\"2022-06-29T17:26:47+00:00\",\"breadcrumb\":{\"@id\":\"https:\/\/handicapdefi.fr\/index.php\/diagnostic-en-accessibilite\/#breadcrumb\"},\"inLanguage\":\"fr-FR\",\"potentialAction\":[{\"@type\":\"ReadAction\",\"target\":[\"https:\/\/handicapdefi.fr\/index.php\/diagnostic-en-accessibilite\/\"]}]},{\"@type\":\"BreadcrumbList\",\"@id\":\"https:\/\/handicapdefi.fr\/index.php\/diagnostic-en-accessibilite\/#breadcrumb\",\"itemListElement\":[{\"@type\":\"ListItem\",\"position\":1,\"name\":\"Accueil\",\"item\":\"https:\/\/handicapdefi.fr\/\"},{\"@type\":\"ListItem\",\"position\":2,\"name\":\"Diagnostic en accessibilit\u00e9\"}]},{\"@type\":\"WebSite\",\"@id\":\"https:\/\/handicapdefi.fr\/#website\",\"url\":\"https:\/\/handicapdefi.fr\/\",\"name\":\"Handicap D\u00e9fi\",\"description\":\"Ouvrons le champ des possibles\",\"potentialAction\":[{\"@type\":\"SearchAction\",\"target\":{\"@type\":\"EntryPoint\",\"urlTemplate\":\"https:\/\/handicapdefi.fr\/?s={search_term_string}\"},\"query-input\":\"required name=search_term_string\"}],\"inLanguage\":\"fr-FR\"}]}<\/script>\n<!-- \/ Yoast SEO plugin. -->","yoast_head_json":{"title":"Diagnostic en accessibilit\u00e9 - Handicap D\u00e9fi","robots":{"index":"index","follow":"follow","max-snippet":"max-snippet:-1","max-image-preview":"max-image-preview:large","max-video-preview":"max-video-preview:-1"},"canonical":"https:\/\/handicapdefi.fr\/index.php\/diagnostic-en-accessibilite\/","og_locale":"fr_FR","og_type":"article","og_title":"Diagnostic en accessibilit\u00e9 - Handicap D\u00e9fi","og_description":"\u00a0 \u00a0 Services aux entreprises, aux collectivit\u00e9s et aux particuliers Accessibilit\u00e9, S\u00e9curit\u00e9, Signal\u00e9tique Notre expertise : Vous aider \u00e0 trouver des solutions optimales, innovantes, personnalis\u00e9es pour votre b\u00e2ti. Conseil pour une meilleure accessibilit\u00e9 des lieux dans le cadre du \"concept universel\". Conseil pour tout achat de mat\u00e9riel et autres entrant dans le concept de l'acc\u00e8s [&hellip;]","og_url":"https:\/\/handicapdefi.fr\/index.php\/diagnostic-en-accessibilite\/","og_site_name":"Handicap D\u00e9fi","article_publisher":"https:\/\/www.facebook.com\/asmth.handicapdefi","article_modified_time":"2022-06-29T17:26:47+00:00","og_image":[{"url":"https:\/\/handicapdefi.fr\/wp-content\/uploads\/2019\/03\/Sport-3-273x300.png"}],"twitter_card":"summary_large_image","twitter_misc":{"Dur\u00e9e de lecture estim\u00e9e":"25 minutes"},"schema":{"@context":"https:\/\/schema.org","@graph":[{"@type":"WebPage","@id":"https:\/\/handicapdefi.fr\/index.php\/diagnostic-en-accessibilite\/","url":"https:\/\/handicapdefi.fr\/index.php\/diagnostic-en-accessibilite\/","name":"Diagnostic en accessibilit\u00e9 - Handicap D\u00e9fi","isPartOf":{"@id":"https:\/\/handicapdefi.fr\/#website"},"datePublished":"2019-03-16T16:52:11+00:00","dateModified":"2022-06-29T17:26:47+00:00","breadcrumb":{"@id":"https:\/\/handicapdefi.fr\/index.php\/diagnostic-en-accessibilite\/#breadcrumb"},"inLanguage":"fr-FR","potentialAction":[{"@type":"ReadAction","target":["https:\/\/handicapdefi.fr\/index.php\/diagnostic-en-accessibilite\/"]}]},{"@type":"BreadcrumbList","@id":"https:\/\/handicapdefi.fr\/index.php\/diagnostic-en-accessibilite\/#breadcrumb","itemListElement":[{"@type":"ListItem","position":1,"name":"Accueil","item":"https:\/\/handicapdefi.fr\/"},{"@type":"ListItem","position":2,"name":"Diagnostic en accessibilit\u00e9"}]},{"@type":"WebSite","@id":"https:\/\/handicapdefi.fr\/#website","url":"https:\/\/handicapdefi.fr\/","name":"Handicap D\u00e9fi","description":"Ouvrons le champ des possibles","potentialAction":[{"@type":"SearchAction","target":{"@type":"EntryPoint","urlTemplate":"https:\/\/handicapdefi.fr\/?s={search_term_string}"},"query-input":"required name=search_term_string"}],"inLanguage":"fr-FR"}]}},"_links":{"self":[{"href":"https:\/\/handicapdefi.fr\/index.php\/wp-json\/wp\/v2\/pages\/282"}],"collection":[{"href":"https:\/\/handicapdefi.fr\/index.php\/wp-json\/wp\/v2\/pages"}],"about":[{"href":"https:\/\/handicapdefi.fr\/index.php\/wp-json\/wp\/v2\/types\/page"}],"author":[{"embeddable":true,"href":"https:\/\/handicapdefi.fr\/index.php\/wp-json\/wp\/v2\/users\/1"}],"replies":[{"embeddable":true,"href":"https:\/\/handicapdefi.fr\/index.php\/wp-json\/wp\/v2\/comments?post=282"}],"version-history":[{"count":190,"href":"https:\/\/handicapdefi.fr\/index.php\/wp-json\/wp\/v2\/pages\/282\/revisions"}],"predecessor-version":[{"id":1903,"href":"https:\/\/handicapdefi.fr\/index.php\/wp-json\/wp\/v2\/pages\/282\/revisions\/1903"}],"wp:attachment":[{"href":"https:\/\/handicapdefi.fr\/index.php\/wp-json\/wp\/v2\/media?parent=282"}],"curies":[{"name":"wp","href":"https:\/\/api.w.org\/{rel}","templated":true}]}}